{"id":235241,"date":"2023-03-03T09:14:26","date_gmt":"2023-03-03T13:14:26","guid":{"rendered":"https:\/\/cfcaracas.org\/sv\/?page_id=235241"},"modified":"2025-09-15T08:42:35","modified_gmt":"2025-09-15T12:42:35","slug":"preguntas-y-respuestas","status":"publish","type":"page","link":"https:\/\/cfcaracas.org\/sv\/el-colegio\/proyecto-label-france\/preguntas-y-respuestas\/","title":{"rendered":"Preguntas y respuestas"},"content":{"rendered":"<p>[et_pb_section fb_built=&#8221;1&#8243; _builder_version=&#8221;4.16&#8243; background_color=&#8221;#e9eff3&#8243; background_image=&#8221;https:\/\/cfcaracas.org\/sv\/wp-content\/uploads\/shapes-bg-color.png&#8221; parallax=&#8221;on&#8221; custom_padding=&#8221;27px||0px|||&#8221; bottom_divider_color=&#8221;#065b99&#8243; global_colors_info=&#8221;{}&#8221;][et_pb_row _builder_version=&#8221;4.16&#8243; custom_padding=&#8221;0px||0px|||&#8221; global_colors_info=&#8221;{}&#8221;][et_pb_column type=&#8221;4_4&#8243; _builder_version=&#8221;4.16&#8243; global_colors_info=&#8221;{}&#8221;][et_pb_dmb_breadcrumbs font_icon=&#8221;%%194%%&#8221; home_icon=&#8221;%%236%%&#8221; use_home_text=&#8221;on&#8221; home_text=&#8221;Inicio&#8221; _builder_version=&#8221;4.16&#8243; body_font=&#8221;|600|||||||&#8221; separator_text_color=&#8221;#0c71c3&#8243; global_colors_info=&#8221;{}&#8221;][\/et_pb_dmb_breadcrumbs][\/et_pb_column][\/et_pb_row][et_pb_row column_structure=&#8221;2_3,1_3&#8243; _builder_version=&#8221;4.16&#8243; global_colors_info=&#8221;{}&#8221;][et_pb_column type=&#8221;2_3&#8243; _builder_version=&#8221;4.16&#8243; background_color=&#8221;#ffffff&#8221; custom_padding=&#8221;25px|25px|25px|25px|true|true&#8221; border_radii=&#8221;on|16px|16px|16px|16px&#8221; box_shadow_style=&#8221;preset2&#8243; global_colors_info=&#8221;{}&#8221; custom_padding__hover=&#8221;|||&#8221;][et_pb_image src=&#8221;https:\/\/cfcaracas.org\/sv\/wp-content\/uploads\/2.jpg&#8221; title_text=&#8221;2&#8243; force_fullwidth=&#8221;on&#8221; _builder_version=&#8221;4.20.0&#8243; global_colors_info=&#8221;{}&#8221;][\/et_pb_image][et_pb_text _builder_version=&#8221;4.24.3&#8243; global_colors_info=&#8221;{}&#8221;]<\/p>\n<h1>PREGUNTAS Y RESPUESTAS<\/h1>\n<p><strong style=\"color: #0c71c3; font-size: 16px;\"><\/strong><\/p>\n<p><span style=\"color: #0c71c3;\"><strong>1. \u00bfQu\u00e9 es el\u00a0 DELF<\/strong>?<\/span><\/p>\n<p>El Diploma de Estudios de Lengua Francesa (DELF) es una certificaci\u00f3n de car\u00e1cter oficial y de validez internacional, expedido por el Ministerio de Educaci\u00f3n Nacional de Francia, para certificar el nivel de los hablantes no nativos de franc\u00e9s alrededor del mundo.<\/p>\n<p>A diferencia de otras certificaciones en distintos idiomas, el DELF tiene una vigencia de car\u00e1cter permanente.<\/p>\n<p><span style=\"color: #0c71c3;\"><strong>2. \u00bfCu\u00e1les son los beneficios de obtener una certificaci\u00f3n DELF<\/strong>?<\/span><\/p>\n<p>Son diplomas reconocidos en universidades extranjeras de habla francesa y valorados en el mundo profesional internacional. Es la \u00fanica certificaci\u00f3n que puede medir las competencias ling\u00fc\u00edsticas en franc\u00e9s lengua extranjera.<\/p>\n<p><span style=\"color: #0c71c3;\"><strong>3. \u00bfCu\u00e1les son los organismos internacionales y centros que gestionan las certificaciones DELF?<\/strong><\/span><\/p>\n<ul>\n<li>France \u00c9ducation International (Centro Internacional de Estudios Pedag\u00f3gicos) regido por el Ministerio de Educaci\u00f3n Nacional y Juventud de Francia.<\/li>\n<li>La Embajada de Francia en Venezuela<\/li>\n<li>Centro de ex\u00e1menes DELF, Colegio Francia.<\/li>\n<\/ul>\n<p><strong style=\"color: #0c71c3;\">4. \u00bfQui\u00e9nes eval\u00faan los ex\u00e1menes?<\/strong><\/p>\n<p>Los profesores de Franc\u00e9s certificados oficialmente para examinar y corregir los ex\u00e1menes.<\/p>\n<p><strong style=\"color: #0c71c3;\">5. \u00bfQui\u00e9nes presentan el examen DELF en el Colegio Francia en la secci\u00f3n venezolana?<\/strong><\/p>\n<p>El examen se presenta a partir de 5to grado de Primaria hasta 5to a\u00f1o de Educaci\u00f3n Media General. El examen DELF se presenta en varias ocasiones en el transcurso de la escolaridad del alumno; desde Primaria hasta graduarse en 5to a\u00f1o.<\/p>\n<p><strong style=\"color: #0c71c3;\">6. \u00bfEn qu\u00e9 momento del a\u00f1o se presenta el DELF?<\/strong><\/p>\n<p>El calendario de la sesi\u00f3n DELF es enviado a los padres y representantes por correo electr\u00f3nico con tiempo de antelaci\u00f3n.<\/p>\n<p><strong style=\"color: #0c71c3;\">7. \u00bfCu\u00e1l es el costo de la prueba?<\/strong><\/p>\n<p>La Administraci\u00f3n env\u00eda la informaci\u00f3n del costo del examen y lo concerniente a lo econ\u00f3mico a trav\u00e9s de Comunicaciones Secci\u00f3n Venezolana.<\/p>\n<p><strong style=\"color: #0c71c3;\">8. \u00bfQu\u00e9 tipo de prueba presenta mi representado?<\/strong><\/p>\n<p>En el Colegio Francia se aplican dos versiones. El <strong>DELF Prim<\/strong> destinado para alumnos de Primaria de 5to a 6to grado y el <strong>DELF Junior<\/strong> para los estudiantes de 1ero a 5to a\u00f1o de EMG. Estas pruebas est\u00e1n realizadas y concebidas en funci\u00f3n de las edades e intereses de cada etapa escolar (ni\u00f1ez y adolescencia).<\/p>\n<p><span style=\"color: #0c71c3;\"><strong>9. \u00bfCu\u00e1les son las competencias ling\u00fc\u00edsticas que se eval\u00faan?<\/strong><\/span><\/p>\n<p>Seg\u00fan el Marco Com\u00fan Europeo de Referencia para las Lenguas (MCERL), se eval\u00faan 4 competencias:<\/p>\n<ul>\n<li>Comprensi\u00f3n oral (escuchar)<\/li>\n<li>Comprensi\u00f3n escrita (leer)<\/li>\n<li>Producci\u00f3n oral (hablar)<\/li>\n<li>Producci\u00f3n escrita (escribir)<strong><\/strong><\/li>\n<\/ul>\n<p><span style=\"color: #0c71c3;\"><strong>10. \u00bfQu\u00e9 niveles se eval\u00faan?<\/strong><\/span><\/p>\n<p>Seg\u00fan el Marco Com\u00fan Europeo de Referencia para las Lenguas (MCERL) en contexto escolar se eval\u00faan 4 niveles de lengua.<\/p>\n<p><em><span style=\"color: #e09900;\"><strong>En Primaria 2 niveles:<\/strong><\/span><\/em><\/p>\n<ul>\n<li>A1 Prim: 5to grado<\/li>\n<li>A2 Prim: 6to grado.<\/li>\n<\/ul>\n<p><span style=\"color: #e09900;\"><em><strong>En Bachillerato 4 niveles: <\/strong><\/em><\/span><\/p>\n<ul>\n<li>A1: de 1ero a 5to a\u00f1o.<\/li>\n<li>A2: de 1ero a 5to a\u00f1o.<\/li>\n<li>B1: a partir de 3er a\u00f1o.<\/li>\n<li>B2: de 4to a\u00f1o a 5to a\u00f1o.<strong style=\"font-size: 14px;\"> <\/strong><strong style=\"font-size: 14px;\">\u00a0<\/strong><\/li>\n<\/ul>\n<p><strong><span style=\"color: #0c71c3;\">11. \u00bfQu\u00e9 significado tienen los niveles DELF?<\/span><\/strong><\/p>\n<ul>\n<li><strong>DELF A1:<\/strong> Elemental. Nivel \u201cde descubrimiento\u201d. Eval\u00faa las competencias iniciales permitiendo llevar a cabo interacciones sencillas: hablar de s\u00ed mismo y de su entorno inmediato.<\/li>\n<li><strong>DELF A2:<\/strong> Elemental. El estudiante es capaz de realizar tareas sencillas de la vida cotidiana. Puede utilizar las f\u00f3rmulas de cortes\u00eda y de intercambio m\u00e1s frecuentes.<\/li>\n<li><strong>DELF B1:<\/strong> Independiente. El estudiante pasa a ser independiente. Ahora, es capaz de mantener una interacci\u00f3n: puede comprender y mantener una discusi\u00f3n, dar consejos y expresar opiniones. Tambi\u00e9n sabe desenvolverse en situaciones imprevistas de la vida cotidiana.<\/li>\n<li><strong>DELF B2:<\/strong> Independiente. Independencia en el uso del idioma que permite al usuario argumentar para defender su opini\u00f3n, desarrollar su punto de vista y negociar. Domina el discurso social y es capaz de corregirse sus propios errores.<\/li>\n<\/ul>\n<p><strong style=\"color: #0c71c3; font-size: 14px;\">12. \u00bfLas pruebas DELF Prim y DELF Junior eval\u00faan niveles diferentes de lengua?<\/strong><\/p>\n<p>No. Se eval\u00faa el mismo nivel en las dos versiones. Es decir, el nivel A1 Prim, por el ejemplo, es el mismo A1 del Junior. Lo que cambian son los temas en funci\u00f3n de las edades e intereses de los alumnos seg\u00fan la etapa escolar en la que est\u00e9n.<\/p>\n<p><strong style=\"color: #0c71c3; font-size: 14px;\">13. Si mi representado aprob\u00f3 los ex\u00e1menes DELF en Primaria, \u00bfdebe presentar en EMG?<\/strong><\/p>\n<p><span style=\"font-size: 14px;\">Si su representado aprob\u00f3 el A1 y A2 Prim en Primaria, el siguiente examen que debe presentar es el B1 a partir de 3er a\u00f1o de EMG.<\/span><span style=\"font-size: 14px;\"><\/span><\/p>\n<p><span style=\"color: #0c71c3;\"><strong>14. Mi representado no present\u00f3 ning\u00fan examen en Primaria. \u00bfQu\u00e9 debo hacer?<\/strong><\/span><\/p>\n<p>Debe presentar el A1 Junior independientemente del a\u00f1o que est\u00e9 cursando en EMG. Esto aplica tanto para los alumnos nuevo ingreso como los regulares.<\/p>\n<p><span style=\"color: #0c71c3;\"><strong>15. \u00bfQu\u00e9 examen debe presentar un estudiante si aprob\u00f3 el A1 Prim en 5to grado?<\/strong><\/span><\/p>\n<p>El estudiante debe presentar el A2 Prim en 6to grado.<\/p>\n<p><span style=\"color: #0c71c3;\"><strong>16. \u00bfQu\u00e9 examen debe presentar un estudiante si no aprob\u00f3 ning\u00fan examen en Primaria?<\/strong><\/span><\/p>\n<p>El estudiante debe presentar A1 Junior cuando pase a Educaci\u00f3n Media General.<\/p>\n<p><span style=\"color: #0c71c3;\"><strong>17. \u00bfQu\u00e9 sucede cuando un estudiante no aprueba el examen DELF?<\/strong><\/span><\/p>\n<p>Deber\u00e1 repetirlo en la sesi\u00f3n del a\u00f1o siguiente.<\/p>\n<p><span style=\"color: #0c71c3;\"><strong>18. \u00bfC\u00f3mo se prepara a un alumno para la prueba DELF?<\/strong><\/span><\/p>\n<p>La preparaci\u00f3n para las pruebas se hace durante las horas clase de Franc\u00e9s.<\/p>\n<p>El libro de franc\u00e9s y la metodolog\u00eda de aprendizaje de una lengua extrajera conciben actividades y ejercicios para desarrollar las competencias ling\u00fc\u00edsticas del examen desde que se inicia el a\u00f1o escolar.<\/p>\n<p><span style=\"color: #0c71c3;\"><strong>19. \u00bfCu\u00e1l es el puntaje del examen?<\/strong><\/span><\/p>\n<p>El puntaje es de 100 puntos. 25 puntos divididos entre las cuatro competencias.<\/p>\n<p><span style=\"color: #0c71c3;\"><strong>20. \u00bfCu\u00e1l es la nota m\u00ednima aprobatoria? <\/strong><\/span><\/p>\n<p>La nota m\u00ednima es de 50 puntos \/100 en la nota total.\u00a0<\/p>\n<p><span style=\"color: #0c71c3;\"><strong>21. \u00bfC\u00f3mo se saben los resultados?<\/strong><\/span><\/p>\n<p>Una vez que los resultados hayan sido validados en France Education International, <strong>se env\u00eda una convocatoria s\u00f3lo con el listado de aprobados,<\/strong> a trav\u00e9s de Comunicaciones Secci\u00f3n venezolana, as\u00ed como tambi\u00e9n el de los alumnos que participar\u00e1n en la ceremonia de entrega de diplomas en el Colegio.<\/p>\n<p><span style=\"color: #0c71c3;\"><strong>22. \u00bfCu\u00e1ndo se recibe el diploma o certificaci\u00f3n?<\/strong><\/span><\/p>\n<p>Existen dos documentos donde se ve el resultado obtenido en el examen y que se entrega al candidato que aprob\u00f3 en diferentes momentos una vez terminado el proceso de evaluaci\u00f3n y validaci\u00f3n de resultados:<\/p>\n<ul>\n<li>La attestation de r\u00e9ussite.<\/li>\n<li>El diploma oficial.<\/li>\n<\/ul>\n<p><strong>1 etapa:<\/strong> En primer lugar, se entrega la constancia de aprobaci\u00f3n (attestation de r\u00e9ussite) mientras llegan los diplomas oficiales por valija diplom\u00e1tica de Francia a Venezuela.<\/p>\n<p><strong>2 etapa:<\/strong> Entrega de diploma oficial en ceremonia con representantes de la Embajada y autoridades de la comunidad educativa. Este tarda algunos meses en llegar a Venezuela y es la certificaci\u00f3n que valida el nivel de Franc\u00e9s del candidato.<\/p>\n<p><span style=\"color: #0c71c3;\"><strong>23. \u00bfY lo resultados de los que no aprobaron?<\/strong><\/span><\/p>\n<p><u>Seg\u00fan reglamento interno internacional de los centros de ex\u00e1menes DELF,<\/u> los resultados de los no aprobados son confidenciales, no se publican y son de conocimiento previo de los docentes para reforzar las competencias en clase FLE; en v\u00edsperas de la sesi\u00f3n del a\u00f1o siguiente.<\/p>\n<p><strong><span style=\"color: #0c71c3;\">24. <\/span>IMPORTANTE:<\/strong> <u>En caso de ausencia el candidato perder\u00e1 la prueba<\/u>, pues es obligatorio cumplir con el calendario de presentaci\u00f3n de pruebas DELF validado por la Gesti\u00f3n Central en la Embajada y France \u00c9ducation International.<\/p>\n<p>[\/et_pb_text][et_pb_text _builder_version=&#8221;4.16&#8243; global_colors_info=&#8221;{}&#8221;]<\/p>\n<h1><\/h1>\n<h1>ContactO<\/h1>\n<p>Prof. Gerardo Morales. <strong>Responsable de Centro de ex\u00e1menes:<\/strong> <span style=\"color: #006ac1;\"><strong>delf.labelcf@cfcaracas.org<\/strong><\/span><\/p>\n<p>[\/et_pb_text][\/et_pb_column][et_pb_column type=&#8221;1_3&#8243; _builder_version=&#8221;4.16&#8243; z_index=&#8221;10&#8243; custom_padding=&#8221;|||&#8221; global_colors_info=&#8221;{}&#8221; custom_padding__hover=&#8221;|||&#8221;][et_pb_blog fullwidth=&#8221;off&#8221; posts_number=&#8221;2&#8243; include_categories=&#8221;5,27&#8243; show_more=&#8221;on&#8221; show_author=&#8221;off&#8221; _builder_version=&#8221;4.16&#8243; pagination_font=&#8221;||||||||&#8221; border_radii=&#8221;on|15px|15px|15px|15px&#8221; border_radii_image=&#8221;||||&#8221; box_shadow_style=&#8221;preset1&#8243; global_colors_info=&#8221;{}&#8221;][\/et_pb_blog][\/et_pb_column][\/et_pb_row][\/et_pb_section]<\/p>\n","protected":false},"excerpt":{"rendered":"<p>PREGUNTAS Y RESPUESTAS 1. \u00bfQu\u00e9 es el\u00a0 DELF? El Diploma de Estudios de Lengua Francesa (DELF) es una certificaci\u00f3n de car\u00e1cter oficial y de validez internacional, expedido por el Ministerio de Educaci\u00f3n Nacional de Francia, para certificar el nivel de los hablantes no nativos de franc\u00e9s alrededor del mundo. A diferencia de otras certificaciones en [&hellip;]<\/p>\n","protected":false},"author":5,"featured_media":235238,"parent":228398,"menu_order":0,"comment_status":"closed","ping_status":"closed","template":"","meta":{"_et_pb_use_builder":"on","_et_pb_old_content":"<!-- wp:divi\/placeholder \/-->","_et_gb_content_width":"","_monsterinsights_skip_tracking":false,"_monsterinsights_sitenote_active":false,"_monsterinsights_sitenote_note":"","_monsterinsights_sitenote_category":0,"footnotes":""},"class_list":["post-235241","page","type-page","status-publish","has-post-thumbnail","hentry"],"yoast_head":"<!-- This site is optimized with the Yoast SEO plugin v27.5 - https:\/\/yoast.com\/product\/yoast-seo-wordpress\/ -->\n<title>Preguntas y respuestas - COLEGIO FRANCIA<\/title>\n<meta name=\"robots\" content=\"index, follow, max-snippet:-1, max-image-preview:large, max-video-preview:-1\" \/>\n<link rel=\"canonical\" href=\"https:\/\/cfcaracas.org\/sv\/el-colegio\/proyecto-label-france\/preguntas-y-respuestas\/\" \/>\n<meta property=\"og:locale\" content=\"en_US\" \/>\n<meta property=\"og:type\" content=\"article\" \/>\n<meta property=\"og:title\" content=\"Preguntas y respuestas - COLEGIO FRANCIA\" \/>\n<meta property=\"og:description\" content=\"PREGUNTAS Y RESPUESTAS 1. \u00bfQu\u00e9 es el\u00a0 DELF? El Diploma de Estudios de Lengua Francesa (DELF) es una certificaci\u00f3n de car\u00e1cter oficial y de validez internacional, expedido por el Ministerio de Educaci\u00f3n Nacional de Francia, para certificar el nivel de los hablantes no nativos de franc\u00e9s alrededor del mundo. A diferencia de otras certificaciones en [&hellip;]\" \/>\n<meta property=\"og:url\" content=\"https:\/\/cfcaracas.org\/sv\/el-colegio\/proyecto-label-france\/preguntas-y-respuestas\/\" \/>\n<meta property=\"og:site_name\" content=\"COLEGIO FRANCIA\" \/>\n<meta property=\"article:modified_time\" content=\"2025-09-15T12:42:35+00:00\" \/>\n<meta property=\"og:image\" content=\"https:\/\/cfcaracas.org\/sv\/wp-content\/uploads\/2.jpg\" \/>\n\t<meta property=\"og:image:width\" content=\"1668\" \/>\n\t<meta property=\"og:image:height\" content=\"1251\" \/>\n\t<meta property=\"og:image:type\" content=\"image\/jpeg\" \/>\n<meta name=\"twitter:card\" content=\"summary_large_image\" \/>\n<meta name=\"twitter:label1\" content=\"Est. reading time\" \/>\n\t<meta name=\"twitter:data1\" content=\"1 minute\" \/>\n<script type=\"application\/ld+json\" class=\"yoast-schema-graph\">{\"@context\":\"https:\\\/\\\/schema.org\",\"@graph\":[{\"@type\":\"WebPage\",\"@id\":\"https:\\\/\\\/cfcaracas.org\\\/sv\\\/el-colegio\\\/proyecto-label-france\\\/preguntas-y-respuestas\\\/\",\"url\":\"https:\\\/\\\/cfcaracas.org\\\/sv\\\/el-colegio\\\/proyecto-label-france\\\/preguntas-y-respuestas\\\/\",\"name\":\"Preguntas y respuestas - COLEGIO FRANCIA\",\"isPartOf\":{\"@id\":\"https:\\\/\\\/cfcaracas.org\\\/sv\\\/#website\"},\"primaryImageOfPage\":{\"@id\":\"https:\\\/\\\/cfcaracas.org\\\/sv\\\/el-colegio\\\/proyecto-label-france\\\/preguntas-y-respuestas\\\/#primaryimage\"},\"image\":{\"@id\":\"https:\\\/\\\/cfcaracas.org\\\/sv\\\/el-colegio\\\/proyecto-label-france\\\/preguntas-y-respuestas\\\/#primaryimage\"},\"thumbnailUrl\":\"https:\\\/\\\/cfcaracas.org\\\/sv\\\/wp-content\\\/uploads\\\/2.jpg\",\"datePublished\":\"2023-03-03T13:14:26+00:00\",\"dateModified\":\"2025-09-15T12:42:35+00:00\",\"breadcrumb\":{\"@id\":\"https:\\\/\\\/cfcaracas.org\\\/sv\\\/el-colegio\\\/proyecto-label-france\\\/preguntas-y-respuestas\\\/#breadcrumb\"},\"inLanguage\":\"en-US\",\"potentialAction\":[{\"@type\":\"ReadAction\",\"target\":[\"https:\\\/\\\/cfcaracas.org\\\/sv\\\/el-colegio\\\/proyecto-label-france\\\/preguntas-y-respuestas\\\/\"]}]},{\"@type\":\"ImageObject\",\"inLanguage\":\"en-US\",\"@id\":\"https:\\\/\\\/cfcaracas.org\\\/sv\\\/el-colegio\\\/proyecto-label-france\\\/preguntas-y-respuestas\\\/#primaryimage\",\"url\":\"https:\\\/\\\/cfcaracas.org\\\/sv\\\/wp-content\\\/uploads\\\/2.jpg\",\"contentUrl\":\"https:\\\/\\\/cfcaracas.org\\\/sv\\\/wp-content\\\/uploads\\\/2.jpg\",\"width\":1668,\"height\":1251},{\"@type\":\"BreadcrumbList\",\"@id\":\"https:\\\/\\\/cfcaracas.org\\\/sv\\\/el-colegio\\\/proyecto-label-france\\\/preguntas-y-respuestas\\\/#breadcrumb\",\"itemListElement\":[{\"@type\":\"ListItem\",\"position\":1,\"name\":\"Home\",\"item\":\"https:\\\/\\\/cfcaracas.org\\\/sv\\\/\"},{\"@type\":\"ListItem\",\"position\":2,\"name\":\"EL COLEGIO\",\"item\":\"https:\\\/\\\/cfcaracas.org\\\/sv\\\/el-colegio\\\/\"},{\"@type\":\"ListItem\",\"position\":3,\"name\":\"Proyecto Label France\",\"item\":\"https:\\\/\\\/cfcaracas.org\\\/sv\\\/el-colegio\\\/proyecto-label-france\\\/\"},{\"@type\":\"ListItem\",\"position\":4,\"name\":\"Preguntas y respuestas\"}]},{\"@type\":\"WebSite\",\"@id\":\"https:\\\/\\\/cfcaracas.org\\\/sv\\\/#website\",\"url\":\"https:\\\/\\\/cfcaracas.org\\\/sv\\\/\",\"name\":\"COLEGIO FRANCIA\",\"description\":\"Colegio Francia, algo m\u00e1s que un colegio\",\"publisher\":{\"@id\":\"https:\\\/\\\/cfcaracas.org\\\/sv\\\/#organization\"},\"potentialAction\":[{\"@type\":\"SearchAction\",\"target\":{\"@type\":\"EntryPoint\",\"urlTemplate\":\"https:\\\/\\\/cfcaracas.org\\\/sv\\\/?s={search_term_string}\"},\"query-input\":{\"@type\":\"PropertyValueSpecification\",\"valueRequired\":true,\"valueName\":\"search_term_string\"}}],\"inLanguage\":\"en-US\"},{\"@type\":\"Organization\",\"@id\":\"https:\\\/\\\/cfcaracas.org\\\/sv\\\/#organization\",\"name\":\"U.E. Colegio Francia de Caracas\",\"url\":\"https:\\\/\\\/cfcaracas.org\\\/sv\\\/\",\"logo\":{\"@type\":\"ImageObject\",\"inLanguage\":\"en-US\",\"@id\":\"https:\\\/\\\/cfcaracas.org\\\/sv\\\/#\\\/schema\\\/logo\\\/image\\\/\",\"url\":\"https:\\\/\\\/cfcaracas.org\\\/sv\\\/wp-content\\\/uploads\\\/LOGO-COLEGIO-FRANCIA-01.png\",\"contentUrl\":\"https:\\\/\\\/cfcaracas.org\\\/sv\\\/wp-content\\\/uploads\\\/LOGO-COLEGIO-FRANCIA-01.png\",\"width\":851,\"height\":1135,\"caption\":\"U.E. Colegio Francia de Caracas\"},\"image\":{\"@id\":\"https:\\\/\\\/cfcaracas.org\\\/sv\\\/#\\\/schema\\\/logo\\\/image\\\/\"}}]}<\/script>\n<!-- \/ Yoast SEO plugin. -->","yoast_head_json":{"title":"Preguntas y respuestas - COLEGIO FRANCIA","robots":{"index":"index","follow":"follow","max-snippet":"max-snippet:-1","max-image-preview":"max-image-preview:large","max-video-preview":"max-video-preview:-1"},"canonical":"https:\/\/cfcaracas.org\/sv\/el-colegio\/proyecto-label-france\/preguntas-y-respuestas\/","og_locale":"en_US","og_type":"article","og_title":"Preguntas y respuestas - COLEGIO FRANCIA","og_description":"PREGUNTAS Y RESPUESTAS 1. \u00bfQu\u00e9 es el\u00a0 DELF? El Diploma de Estudios de Lengua Francesa (DELF) es una certificaci\u00f3n de car\u00e1cter oficial y de validez internacional, expedido por el Ministerio de Educaci\u00f3n Nacional de Francia, para certificar el nivel de los hablantes no nativos de franc\u00e9s alrededor del mundo. A diferencia de otras certificaciones en [&hellip;]","og_url":"https:\/\/cfcaracas.org\/sv\/el-colegio\/proyecto-label-france\/preguntas-y-respuestas\/","og_site_name":"COLEGIO FRANCIA","article_modified_time":"2025-09-15T12:42:35+00:00","og_image":[{"width":1668,"height":1251,"url":"https:\/\/cfcaracas.org\/sv\/wp-content\/uploads\/2.jpg","type":"image\/jpeg"}],"twitter_card":"summary_large_image","twitter_misc":{"Est. reading time":"1 minute"},"schema":{"@context":"https:\/\/schema.org","@graph":[{"@type":"WebPage","@id":"https:\/\/cfcaracas.org\/sv\/el-colegio\/proyecto-label-france\/preguntas-y-respuestas\/","url":"https:\/\/cfcaracas.org\/sv\/el-colegio\/proyecto-label-france\/preguntas-y-respuestas\/","name":"Preguntas y respuestas - COLEGIO FRANCIA","isPartOf":{"@id":"https:\/\/cfcaracas.org\/sv\/#website"},"primaryImageOfPage":{"@id":"https:\/\/cfcaracas.org\/sv\/el-colegio\/proyecto-label-france\/preguntas-y-respuestas\/#primaryimage"},"image":{"@id":"https:\/\/cfcaracas.org\/sv\/el-colegio\/proyecto-label-france\/preguntas-y-respuestas\/#primaryimage"},"thumbnailUrl":"https:\/\/cfcaracas.org\/sv\/wp-content\/uploads\/2.jpg","datePublished":"2023-03-03T13:14:26+00:00","dateModified":"2025-09-15T12:42:35+00:00","breadcrumb":{"@id":"https:\/\/cfcaracas.org\/sv\/el-colegio\/proyecto-label-france\/preguntas-y-respuestas\/#breadcrumb"},"inLanguage":"en-US","potentialAction":[{"@type":"ReadAction","target":["https:\/\/cfcaracas.org\/sv\/el-colegio\/proyecto-label-france\/preguntas-y-respuestas\/"]}]},{"@type":"ImageObject","inLanguage":"en-US","@id":"https:\/\/cfcaracas.org\/sv\/el-colegio\/proyecto-label-france\/preguntas-y-respuestas\/#primaryimage","url":"https:\/\/cfcaracas.org\/sv\/wp-content\/uploads\/2.jpg","contentUrl":"https:\/\/cfcaracas.org\/sv\/wp-content\/uploads\/2.jpg","width":1668,"height":1251},{"@type":"BreadcrumbList","@id":"https:\/\/cfcaracas.org\/sv\/el-colegio\/proyecto-label-france\/preguntas-y-respuestas\/#breadcrumb","itemListElement":[{"@type":"ListItem","position":1,"name":"Home","item":"https:\/\/cfcaracas.org\/sv\/"},{"@type":"ListItem","position":2,"name":"EL COLEGIO","item":"https:\/\/cfcaracas.org\/sv\/el-colegio\/"},{"@type":"ListItem","position":3,"name":"Proyecto Label France","item":"https:\/\/cfcaracas.org\/sv\/el-colegio\/proyecto-label-france\/"},{"@type":"ListItem","position":4,"name":"Preguntas y respuestas"}]},{"@type":"WebSite","@id":"https:\/\/cfcaracas.org\/sv\/#website","url":"https:\/\/cfcaracas.org\/sv\/","name":"COLEGIO FRANCIA","description":"Colegio Francia, algo m\u00e1s que un colegio","publisher":{"@id":"https:\/\/cfcaracas.org\/sv\/#organization"},"potentialAction":[{"@type":"SearchAction","target":{"@type":"EntryPoint","urlTemplate":"https:\/\/cfcaracas.org\/sv\/?s={search_term_string}"},"query-input":{"@type":"PropertyValueSpecification","valueRequired":true,"valueName":"search_term_string"}}],"inLanguage":"en-US"},{"@type":"Organization","@id":"https:\/\/cfcaracas.org\/sv\/#organization","name":"U.E. Colegio Francia de Caracas","url":"https:\/\/cfcaracas.org\/sv\/","logo":{"@type":"ImageObject","inLanguage":"en-US","@id":"https:\/\/cfcaracas.org\/sv\/#\/schema\/logo\/image\/","url":"https:\/\/cfcaracas.org\/sv\/wp-content\/uploads\/LOGO-COLEGIO-FRANCIA-01.png","contentUrl":"https:\/\/cfcaracas.org\/sv\/wp-content\/uploads\/LOGO-COLEGIO-FRANCIA-01.png","width":851,"height":1135,"caption":"U.E. Colegio Francia de Caracas"},"image":{"@id":"https:\/\/cfcaracas.org\/sv\/#\/schema\/logo\/image\/"}}]}},"_links":{"self":[{"href":"https:\/\/cfcaracas.org\/sv\/wp-json\/wp\/v2\/pages\/235241","targetHints":{"allow":["GET"]}}],"collection":[{"href":"https:\/\/cfcaracas.org\/sv\/wp-json\/wp\/v2\/pages"}],"about":[{"href":"https:\/\/cfcaracas.org\/sv\/wp-json\/wp\/v2\/types\/page"}],"author":[{"embeddable":true,"href":"https:\/\/cfcaracas.org\/sv\/wp-json\/wp\/v2\/users\/5"}],"replies":[{"embeddable":true,"href":"https:\/\/cfcaracas.org\/sv\/wp-json\/wp\/v2\/comments?post=235241"}],"version-history":[{"count":1,"href":"https:\/\/cfcaracas.org\/sv\/wp-json\/wp\/v2\/pages\/235241\/revisions"}],"predecessor-version":[{"id":239258,"href":"https:\/\/cfcaracas.org\/sv\/wp-json\/wp\/v2\/pages\/235241\/revisions\/239258"}],"up":[{"embeddable":true,"href":"https:\/\/cfcaracas.org\/sv\/wp-json\/wp\/v2\/pages\/228398"}],"wp:featuredmedia":[{"embeddable":true,"href":"https:\/\/cfcaracas.org\/sv\/wp-json\/wp\/v2\/media\/235238"}],"wp:attachment":[{"href":"https:\/\/cfcaracas.org\/sv\/wp-json\/wp\/v2\/media?parent=235241"}],"curies":[{"name":"wp","href":"https:\/\/api.w.org\/{rel}","templated":true}]}}