{"id":236354,"date":"2023-10-17T10:53:43","date_gmt":"2023-10-17T14:53:43","guid":{"rendered":"https:\/\/cfcaracas.org\/sv\/?page_id=236354"},"modified":"2025-11-26T08:20:51","modified_gmt":"2025-11-26T12:20:51","slug":"proyecto-socio-comunitario","status":"publish","type":"page","link":"https:\/\/cfcaracas.org\/sv\/vida-en-el-colegio\/proyecto-socio-comunitario\/","title":{"rendered":"Proyecto Socio-Comunitario"},"content":{"rendered":"<p>[et_pb_section fb_built=&#8221;1&#8243; _builder_version=&#8221;4.16&#8243; background_color=&#8221;#e9eff3&#8243; background_image=&#8221;https:\/\/cfcaracas.org\/sv\/wp-content\/uploads\/shapes-bg-color.png&#8221; parallax=&#8221;on&#8221; custom_padding=&#8221;27px||0px|||&#8221; bottom_divider_color=&#8221;#065b99&#8243; global_colors_info=&#8221;{}&#8221;][et_pb_row _builder_version=&#8221;4.16&#8243; custom_padding=&#8221;0px||0px|||&#8221; global_colors_info=&#8221;{}&#8221;][et_pb_column type=&#8221;4_4&#8243; _builder_version=&#8221;4.16&#8243; global_colors_info=&#8221;{}&#8221;][et_pb_dmb_breadcrumbs font_icon=&#8221;&#xe04a;||divi||400&#8243; home_icon=&#8221;&#xe074;||divi||400&#8243; use_home_text=&#8221;on&#8221; home_text=&#8221;Inicio&#8221; _builder_version=&#8221;4.16&#8243; body_font=&#8221;|600|||||||&#8221; separator_text_color=&#8221;#0c71c3&#8243; global_colors_info=&#8221;{}&#8221;][\/et_pb_dmb_breadcrumbs][\/et_pb_column][\/et_pb_row][et_pb_row column_structure=&#8221;2_3,1_3&#8243; _builder_version=&#8221;4.16&#8243; custom_padding=&#8221;||65px||false|false&#8221; global_colors_info=&#8221;{}&#8221;][et_pb_column type=&#8221;2_3&#8243; _builder_version=&#8221;4.16&#8243; background_color=&#8221;#ffffff&#8221; custom_padding=&#8221;25px|25px|25px|25px|true|true&#8221; border_radii=&#8221;on|16px|16px|16px|16px&#8221; box_shadow_style=&#8221;preset2&#8243; global_colors_info=&#8221;{}&#8221; custom_padding__hover=&#8221;|||&#8221;][et_pb_text _builder_version=&#8221;4.22.2&#8243; global_colors_info=&#8221;{}&#8221;]<\/p>\n<h1><\/h1>\n<h1>Fundamentaci\u00f3n Legal<\/h1>\n<p style=\"text-align: justify;\">\n<p style=\"text-align: justify;\">Ley Org\u00e1nica de Educaci\u00f3n. Art\u00edculo 13:<em> \u201cLa responsabilidad social y la solidaridad constituyen principios b\u00e1sicos de la formaci\u00f3n ciudadana de los y las estudiantes\u2026 Todo y toda estudiante cursante\u2026 de los niveles de educaci\u00f3n media general y media t\u00e9cnica\u2026 debe contribuir con el desarrollo integral de la Naci\u00f3n, mediante la pr\u00e1ctica de actividades comunitarias\u2026\u201d<\/em><\/p>\n<p>Por consiguiente, las y los estudiantes durante todos los a\u00f1os en el Nivel de Educaci\u00f3n Media desarrollan actividades socio-comunitarias, con una duraci\u00f3n m\u00ednima de sesenta (60) horas por a\u00f1o escolar y constituye un requisito para optar al t\u00edtulo de Bachiller.<\/p>\n<p>En este sentido, en el documento <i>\u201cTrabajo voluntario para impulsar actividades <\/i><i>sociocomunitarias<\/i><i> en Educaci\u00f3n Media, como acci\u00f3n estrat\u00e9gica de la transformaci\u00f3n pedag\u00f3gica\u201d <\/i>(A\u00f1o 2018) establece que las actividades socio-comunitarias persigue que las y los estudiantes.<\/p>\n<p>[\/et_pb_text][et_pb_text _builder_version=&#8221;4.22.2&#8243; global_colors_info=&#8221;{}&#8221;]<\/p>\n<p><b>ACTIVIDADES SOCIO-COMUNITARIAS<\/b><\/p>\n<p><b><\/b><\/p>\n<ul>\n<li>Persigue que las y los estudiantes observen, contacten, se interesen y sensibilicen por su realidad local.<\/li>\n<li>Reflexionen, act\u00faen sobre situaciones locales y que contribuyan con el mejoramiento de las mismas.<\/li>\n<li>Valoren el trabajo como un hecho social que contribuye con el bienestar de la comunidad y en la satisfacci\u00f3n personal.<\/li>\n<li>Promueven las relaciones entre el plantel y las organizaciones sociales que hacen vida en las comunidades cercanas a la instituci\u00f3n.<\/li>\n<\/ul>\n<p>[\/et_pb_text][et_pb_text _builder_version=&#8221;4.22.2&#8243; global_colors_info=&#8221;{}&#8221;]<\/p>\n<h1>CONSIDERACIONES IMPORTANTES:<\/h1>\n<ul>\n<li><span style=\"font-size: 14px;\"><span class=\"OYPEnA font-feature-liga-off font-feature-clig-off font-feature-calt-off text-decoration-none text-strikethrough-none\">Los estudiantes que quedaron pendiente por trabajos socio-comunitario, debe cumplir con las horas del a\u00f1o anterior, m\u00e1s horas de trabajo para este a\u00f1o escolar 2025-2026.<\/span><\/span><span style=\"font-size: 14px;\"><span class=\"OYPEnA font-feature-liga-off font-feature-clig-off font-feature-calt-off text-decoration-none text-strikethrough-none\"><\/span><\/span><\/li>\n<li><span style=\"font-size: 14px;\">Tiempo de duraci\u00f3n:<\/span><strong style=\"font-size: 14px;\"> 60 horas.<\/strong><\/li>\n<\/ul>\n<p>[\/et_pb_text][et_pb_text _builder_version=&#8221;4.27.0&#8243; min_height=&#8221;244px&#8221; custom_margin=&#8221;||16px|||&#8221; custom_padding=&#8221;||0px|||&#8221; global_colors_info=&#8221;{}&#8221;]<\/p>\n<h1>Registro:<\/h1>\n<ul>\n<ul>\n<li>Toda hora trabajada, ser\u00e1 registrada en una planilla que se enviar\u00e1 posteriormente a los correos, donde se especificar\u00e1 la actividad, lugar donde se realiza la actividad, cantidad de horas realizadas por cada fecha y firma del tutor o responsable.<\/li>\n<li>Al finalizar el Proyecto Socio-Comunitario, se realizar\u00e1 un informe que llevar\u00e1 Portada, Introducci\u00f3n, Planteamiento del Problema, Objetivo General y Objetivos Espec\u00edficos, Plan de Acci\u00f3n como anexo fotograf\u00edas o videos del trabajo realizado.<\/li>\n<li><span class=\"OYPEnA font-feature-liga-off font-feature-clig-off font-feature-calt-off text-decoration-none text-strikethrough-none\">Como anexo, fotograf\u00edas o videos del trabajo realizado, planilla de registro m\u00e1s la carta de la instituci\u00f3n donde realiz\u00f3 el trabajo sociocomunitario. <\/span><span style=\"color: #800000;\"><em><strong><span class=\"OYPEnA font-feature-liga-off font-feature-clig-off font-feature-calt-off text-decoration-none text-strikethrough-none\">(Es de car\u00e1cter obligatorio la carta o constancia)<\/span><\/strong><\/em><\/span><\/li>\n<\/ul>\n<\/ul>\n<p>[\/et_pb_text][et_pb_button button_text=&#8221;Clic aqu\u00ed para descargar la planilla de registro&#8221; _builder_version=&#8221;4.27.0&#8243; _module_preset=&#8221;default&#8221; global_colors_info=&#8221;{}&#8221;][\/et_pb_button][et_pb_text _builder_version=&#8221;4.22.2&#8243; custom_padding=&#8221;22px||7px|||&#8221; global_colors_info=&#8221;{}&#8221;]<\/p>\n<h1>CONTACTO:<\/h1>\n<p>Si tiene alguna duda con el trabajos socio-comunitario, permiso y\/o planillas, por favor comunicarse con la<strong> prof. Magbys Morales<\/strong> del Departamento de Orientaci\u00f3n, al siguiente correo: <span style=\"color: #333399;\"><strong>orientacion@cfcaracas.org<\/strong><\/span>.<\/p>\n<ul><\/ul>\n<ul><\/ul>\n<ul><\/ul>\n<p>[\/et_pb_text][\/et_pb_column][et_pb_column type=&#8221;1_3&#8243; _builder_version=&#8221;4.16&#8243; z_index=&#8221;10&#8243; custom_padding=&#8221;|||&#8221; global_colors_info=&#8221;{}&#8221; custom_padding__hover=&#8221;|||&#8221;][et_pb_blog fullwidth=&#8221;off&#8221; posts_number=&#8221;2&#8243; include_categories=&#8221;5,27&#8243; show_more=&#8221;on&#8221; show_author=&#8221;off&#8221; _builder_version=&#8221;4.16&#8243; pagination_font=&#8221;||||||||&#8221; border_radii=&#8221;on|15px|15px|15px|15px&#8221; border_radii_image=&#8221;||||&#8221; box_shadow_style=&#8221;preset1&#8243; global_colors_info=&#8221;{}&#8221;][\/et_pb_blog][\/et_pb_column][\/et_pb_row][\/et_pb_section]<\/p>\n","protected":false},"excerpt":{"rendered":"<p>Fundamentaci\u00f3n Legal Ley Org\u00e1nica de Educaci\u00f3n. Art\u00edculo 13: \u201cLa responsabilidad social y la solidaridad constituyen principios b\u00e1sicos de la formaci\u00f3n ciudadana de los y las estudiantes\u2026 Todo y toda estudiante cursante\u2026 de los niveles de educaci\u00f3n media general y media t\u00e9cnica\u2026 debe contribuir con el desarrollo integral de la Naci\u00f3n, mediante la pr\u00e1ctica de actividades [&hellip;]<\/p>\n","protected":false},"author":5,"featured_media":0,"parent":228536,"menu_order":0,"comment_status":"closed","ping_status":"closed","template":"","meta":{"_et_pb_use_builder":"on","_et_pb_old_content":"<!-- wp:divi\/placeholder \/-->","_et_gb_content_width":"","_monsterinsights_skip_tracking":false,"_monsterinsights_sitenote_active":false,"_monsterinsights_sitenote_note":"","_monsterinsights_sitenote_category":0,"footnotes":""},"class_list":["post-236354","page","type-page","status-publish","hentry"],"yoast_head":"<!-- This site is optimized with the Yoast SEO plugin v27.5 - https:\/\/yoast.com\/product\/yoast-seo-wordpress\/ -->\n<title>Proyecto Socio-Comunitario - COLEGIO FRANCIA<\/title>\n<meta name=\"robots\" content=\"index, follow, max-snippet:-1, max-image-preview:large, max-video-preview:-1\" \/>\n<link rel=\"canonical\" href=\"https:\/\/cfcaracas.org\/sv\/vida-en-el-colegio\/proyecto-socio-comunitario\/\" \/>\n<meta property=\"og:locale\" content=\"en_US\" \/>\n<meta property=\"og:type\" content=\"article\" \/>\n<meta property=\"og:title\" content=\"Proyecto Socio-Comunitario - COLEGIO FRANCIA\" \/>\n<meta property=\"og:description\" content=\"Fundamentaci\u00f3n Legal Ley Org\u00e1nica de Educaci\u00f3n. Art\u00edculo 13: \u201cLa responsabilidad social y la solidaridad constituyen principios b\u00e1sicos de la formaci\u00f3n ciudadana de los y las estudiantes\u2026 Todo y toda estudiante cursante\u2026 de los niveles de educaci\u00f3n media general y media t\u00e9cnica\u2026 debe contribuir con el desarrollo integral de la Naci\u00f3n, mediante la pr\u00e1ctica de actividades [&hellip;]\" \/>\n<meta property=\"og:url\" content=\"https:\/\/cfcaracas.org\/sv\/vida-en-el-colegio\/proyecto-socio-comunitario\/\" \/>\n<meta property=\"og:site_name\" content=\"COLEGIO FRANCIA\" \/>\n<meta property=\"article:modified_time\" content=\"2025-11-26T12:20:51+00:00\" \/>\n<meta name=\"twitter:card\" content=\"summary_large_image\" \/>\n<script type=\"application\/ld+json\" class=\"yoast-schema-graph\">{\"@context\":\"https:\\\/\\\/schema.org\",\"@graph\":[{\"@type\":\"WebPage\",\"@id\":\"https:\\\/\\\/cfcaracas.org\\\/sv\\\/vida-en-el-colegio\\\/proyecto-socio-comunitario\\\/\",\"url\":\"https:\\\/\\\/cfcaracas.org\\\/sv\\\/vida-en-el-colegio\\\/proyecto-socio-comunitario\\\/\",\"name\":\"Proyecto Socio-Comunitario - COLEGIO FRANCIA\",\"isPartOf\":{\"@id\":\"https:\\\/\\\/cfcaracas.org\\\/sv\\\/#website\"},\"datePublished\":\"2023-10-17T14:53:43+00:00\",\"dateModified\":\"2025-11-26T12:20:51+00:00\",\"breadcrumb\":{\"@id\":\"https:\\\/\\\/cfcaracas.org\\\/sv\\\/vida-en-el-colegio\\\/proyecto-socio-comunitario\\\/#breadcrumb\"},\"inLanguage\":\"en-US\",\"potentialAction\":[{\"@type\":\"ReadAction\",\"target\":[\"https:\\\/\\\/cfcaracas.org\\\/sv\\\/vida-en-el-colegio\\\/proyecto-socio-comunitario\\\/\"]}]},{\"@type\":\"BreadcrumbList\",\"@id\":\"https:\\\/\\\/cfcaracas.org\\\/sv\\\/vida-en-el-colegio\\\/proyecto-socio-comunitario\\\/#breadcrumb\",\"itemListElement\":[{\"@type\":\"ListItem\",\"position\":1,\"name\":\"Home\",\"item\":\"https:\\\/\\\/cfcaracas.org\\\/sv\\\/\"},{\"@type\":\"ListItem\",\"position\":2,\"name\":\"VIDA EN EL COLEGIO\",\"item\":\"https:\\\/\\\/cfcaracas.org\\\/sv\\\/vida-en-el-colegio\\\/\"},{\"@type\":\"ListItem\",\"position\":3,\"name\":\"Proyecto Socio-Comunitario\"}]},{\"@type\":\"WebSite\",\"@id\":\"https:\\\/\\\/cfcaracas.org\\\/sv\\\/#website\",\"url\":\"https:\\\/\\\/cfcaracas.org\\\/sv\\\/\",\"name\":\"COLEGIO FRANCIA\",\"description\":\"Colegio Francia, algo m\u00e1s que un colegio\",\"publisher\":{\"@id\":\"https:\\\/\\\/cfcaracas.org\\\/sv\\\/#organization\"},\"potentialAction\":[{\"@type\":\"SearchAction\",\"target\":{\"@type\":\"EntryPoint\",\"urlTemplate\":\"https:\\\/\\\/cfcaracas.org\\\/sv\\\/?s={search_term_string}\"},\"query-input\":{\"@type\":\"PropertyValueSpecification\",\"valueRequired\":true,\"valueName\":\"search_term_string\"}}],\"inLanguage\":\"en-US\"},{\"@type\":\"Organization\",\"@id\":\"https:\\\/\\\/cfcaracas.org\\\/sv\\\/#organization\",\"name\":\"U.E. Colegio Francia de Caracas\",\"url\":\"https:\\\/\\\/cfcaracas.org\\\/sv\\\/\",\"logo\":{\"@type\":\"ImageObject\",\"inLanguage\":\"en-US\",\"@id\":\"https:\\\/\\\/cfcaracas.org\\\/sv\\\/#\\\/schema\\\/logo\\\/image\\\/\",\"url\":\"https:\\\/\\\/cfcaracas.org\\\/sv\\\/wp-content\\\/uploads\\\/LOGO-COLEGIO-FRANCIA-01.png\",\"contentUrl\":\"https:\\\/\\\/cfcaracas.org\\\/sv\\\/wp-content\\\/uploads\\\/LOGO-COLEGIO-FRANCIA-01.png\",\"width\":851,\"height\":1135,\"caption\":\"U.E. Colegio Francia de Caracas\"},\"image\":{\"@id\":\"https:\\\/\\\/cfcaracas.org\\\/sv\\\/#\\\/schema\\\/logo\\\/image\\\/\"}}]}<\/script>\n<!-- \/ Yoast SEO plugin. -->","yoast_head_json":{"title":"Proyecto Socio-Comunitario - COLEGIO FRANCIA","robots":{"index":"index","follow":"follow","max-snippet":"max-snippet:-1","max-image-preview":"max-image-preview:large","max-video-preview":"max-video-preview:-1"},"canonical":"https:\/\/cfcaracas.org\/sv\/vida-en-el-colegio\/proyecto-socio-comunitario\/","og_locale":"en_US","og_type":"article","og_title":"Proyecto Socio-Comunitario - COLEGIO FRANCIA","og_description":"Fundamentaci\u00f3n Legal Ley Org\u00e1nica de Educaci\u00f3n. Art\u00edculo 13: \u201cLa responsabilidad social y la solidaridad constituyen principios b\u00e1sicos de la formaci\u00f3n ciudadana de los y las estudiantes\u2026 Todo y toda estudiante cursante\u2026 de los niveles de educaci\u00f3n media general y media t\u00e9cnica\u2026 debe contribuir con el desarrollo integral de la Naci\u00f3n, mediante la pr\u00e1ctica de actividades [&hellip;]","og_url":"https:\/\/cfcaracas.org\/sv\/vida-en-el-colegio\/proyecto-socio-comunitario\/","og_site_name":"COLEGIO FRANCIA","article_modified_time":"2025-11-26T12:20:51+00:00","twitter_card":"summary_large_image","schema":{"@context":"https:\/\/schema.org","@graph":[{"@type":"WebPage","@id":"https:\/\/cfcaracas.org\/sv\/vida-en-el-colegio\/proyecto-socio-comunitario\/","url":"https:\/\/cfcaracas.org\/sv\/vida-en-el-colegio\/proyecto-socio-comunitario\/","name":"Proyecto Socio-Comunitario - COLEGIO FRANCIA","isPartOf":{"@id":"https:\/\/cfcaracas.org\/sv\/#website"},"datePublished":"2023-10-17T14:53:43+00:00","dateModified":"2025-11-26T12:20:51+00:00","breadcrumb":{"@id":"https:\/\/cfcaracas.org\/sv\/vida-en-el-colegio\/proyecto-socio-comunitario\/#breadcrumb"},"inLanguage":"en-US","potentialAction":[{"@type":"ReadAction","target":["https:\/\/cfcaracas.org\/sv\/vida-en-el-colegio\/proyecto-socio-comunitario\/"]}]},{"@type":"BreadcrumbList","@id":"https:\/\/cfcaracas.org\/sv\/vida-en-el-colegio\/proyecto-socio-comunitario\/#breadcrumb","itemListElement":[{"@type":"ListItem","position":1,"name":"Home","item":"https:\/\/cfcaracas.org\/sv\/"},{"@type":"ListItem","position":2,"name":"VIDA EN EL COLEGIO","item":"https:\/\/cfcaracas.org\/sv\/vida-en-el-colegio\/"},{"@type":"ListItem","position":3,"name":"Proyecto Socio-Comunitario"}]},{"@type":"WebSite","@id":"https:\/\/cfcaracas.org\/sv\/#website","url":"https:\/\/cfcaracas.org\/sv\/","name":"COLEGIO FRANCIA","description":"Colegio Francia, algo m\u00e1s que un colegio","publisher":{"@id":"https:\/\/cfcaracas.org\/sv\/#organization"},"potentialAction":[{"@type":"SearchAction","target":{"@type":"EntryPoint","urlTemplate":"https:\/\/cfcaracas.org\/sv\/?s={search_term_string}"},"query-input":{"@type":"PropertyValueSpecification","valueRequired":true,"valueName":"search_term_string"}}],"inLanguage":"en-US"},{"@type":"Organization","@id":"https:\/\/cfcaracas.org\/sv\/#organization","name":"U.E. Colegio Francia de Caracas","url":"https:\/\/cfcaracas.org\/sv\/","logo":{"@type":"ImageObject","inLanguage":"en-US","@id":"https:\/\/cfcaracas.org\/sv\/#\/schema\/logo\/image\/","url":"https:\/\/cfcaracas.org\/sv\/wp-content\/uploads\/LOGO-COLEGIO-FRANCIA-01.png","contentUrl":"https:\/\/cfcaracas.org\/sv\/wp-content\/uploads\/LOGO-COLEGIO-FRANCIA-01.png","width":851,"height":1135,"caption":"U.E. Colegio Francia de Caracas"},"image":{"@id":"https:\/\/cfcaracas.org\/sv\/#\/schema\/logo\/image\/"}}]}},"_links":{"self":[{"href":"https:\/\/cfcaracas.org\/sv\/wp-json\/wp\/v2\/pages\/236354","targetHints":{"allow":["GET"]}}],"collection":[{"href":"https:\/\/cfcaracas.org\/sv\/wp-json\/wp\/v2\/pages"}],"about":[{"href":"https:\/\/cfcaracas.org\/sv\/wp-json\/wp\/v2\/types\/page"}],"author":[{"embeddable":true,"href":"https:\/\/cfcaracas.org\/sv\/wp-json\/wp\/v2\/users\/5"}],"replies":[{"embeddable":true,"href":"https:\/\/cfcaracas.org\/sv\/wp-json\/wp\/v2\/comments?post=236354"}],"version-history":[{"count":6,"href":"https:\/\/cfcaracas.org\/sv\/wp-json\/wp\/v2\/pages\/236354\/revisions"}],"predecessor-version":[{"id":240104,"href":"https:\/\/cfcaracas.org\/sv\/wp-json\/wp\/v2\/pages\/236354\/revisions\/240104"}],"up":[{"embeddable":true,"href":"https:\/\/cfcaracas.org\/sv\/wp-json\/wp\/v2\/pages\/228536"}],"wp:attachment":[{"href":"https:\/\/cfcaracas.org\/sv\/wp-json\/wp\/v2\/media?parent=236354"}],"curies":[{"name":"wp","href":"https:\/\/api.w.org\/{rel}","templated":true}]}}